{"id":5205,"date":"2021-06-14T23:32:19","date_gmt":"2021-06-14T23:32:19","guid":{"rendered":"https:\/\/comitegenero.tecdmx.org.mx\/?page_id=5205"},"modified":"2024-02-09T16:31:08","modified_gmt":"2024-02-09T16:31:08","slug":"poblacion-que-se-tutela-sistemas-normativos-internos-2018","status":"publish","type":"page","link":"https:\/\/comitegenero.tecdmx.org.mx\/index.php\/poblacion-que-se-tutela-sistemas-normativos-internos-2018\/","title":{"rendered":"POBLACI\u00d3N QUE SE TUTELA: SISTEMAS NORMATIVOS INTERNOS 2018"},"content":{"rendered":"\n<p><a href=\"https:\/\/comitegenero.tecdmx.org.mx\/index.php\/sentencias\/\">Regresar a Sentencias \u2196\u00a0<\/a><\/p>\n\n\n\n<p><strong>EXPEDIENTE:<\/strong> <strong><a rel=\"noreferrer noopener\" href=\"https:\/\/comitegenero.tecdmx.org.mx\/wp-content\/uploads\/2019\/03\/14_TECDMX_JLDC_140_2018.docx\" target=\"_blank\">TECDMX-JLDC-140\/2018<\/a>. <\/strong><\/p>\n\n\n\n<p><strong>POBLACI\u00d3N QUE SE TUTELA: <\/strong>PBOCIR. Autoridades tradicionales y civiles. Perspectiva intercultural.<\/p>\n\n\n\n<p><strong>RESUMEN DE CRITERIOS RELEVANTES:<\/strong>  Cuando una persona perteneciente a un Pueblo Originario de la Ciudad de M\u00e9xico interponga un juicio en materia pol\u00edtico electoral, por motivo de inconformidad con los resultados de una elecci\u00f3n de Representante Tradicional (Subdelegado (a) Auxiliar del pueblo), el juzgamiento deber\u00e1 hacerse a la luz de una perspectiva de interculturalidad.<\/p>\n\n\n\n<p><a href=\"https:\/\/comitegenero.tecdmx.org.mx\/index.php\/sentencias\/\">Regresar a Sentencias \u2196&nbsp;<\/a><\/p>\n","protected":false},"excerpt":{"rendered":"<p>Regresar a Sentencias \u2196\u00a0 EXPEDIENTE: TECDMX-JLDC-140\/2018. POBLACI\u00d3N QUE SE TUTELA: PBOCIR. Autoridades tradicionales y civiles. Perspectiva intercultural. RESUMEN DE CRITERIOS RELEVANTES: Cuando una persona perteneciente a un Pueblo Originario de la Ciudad de M\u00e9xico interponga un juicio en materia pol\u00edtico electoral, por motivo de inconformidad con los resultados de una elecci\u00f3n de Representante Tradicional (Subdelegado [&hellip;]<\/p>\n","protected":false},"author":3,"featured_media":0,"parent":0,"menu_order":0,"comment_status":"closed","ping_status":"closed","template":"","meta":{"_exactmetrics_skip_tracking":false,"_exactmetrics_sitenote_active":false,"_exactmetrics_sitenote_note":"","_exactmetrics_sitenote_category":0,"footnotes":""},"_links":{"self":[{"href":"https:\/\/comitegenero.tecdmx.org.mx\/index.php\/wp-json\/wp\/v2\/pages\/5205"}],"collection":[{"href":"https:\/\/comitegenero.tecdmx.org.mx\/index.php\/wp-json\/wp\/v2\/pages"}],"about":[{"href":"https:\/\/comitegenero.tecdmx.org.mx\/index.php\/wp-json\/wp\/v2\/types\/page"}],"author":[{"embeddable":true,"href":"https:\/\/comitegenero.tecdmx.org.mx\/index.php\/wp-json\/wp\/v2\/users\/3"}],"replies":[{"embeddable":true,"href":"https:\/\/comitegenero.tecdmx.org.mx\/index.php\/wp-json\/wp\/v2\/comments?post=5205"}],"version-history":[{"count":3,"href":"https:\/\/comitegenero.tecdmx.org.mx\/index.php\/wp-json\/wp\/v2\/pages\/5205\/revisions"}],"predecessor-version":[{"id":6202,"href":"https:\/\/comitegenero.tecdmx.org.mx\/index.php\/wp-json\/wp\/v2\/pages\/5205\/revisions\/6202"}],"wp:attachment":[{"href":"https:\/\/comitegenero.tecdmx.org.mx\/index.php\/wp-json\/wp\/v2\/media?parent=5205"}],"curies":[{"name":"wp","href":"https:\/\/api.w.org\/{rel}","templated":true}]}}