{"id":3241,"date":"2019-02-20T20:01:46","date_gmt":"2019-02-20T20:01:46","guid":{"rendered":"https:\/\/comitegenero.tecdmx.org.mx\/?page_id=3241"},"modified":"2019-02-20T20:01:47","modified_gmt":"2019-02-20T20:01:47","slug":"derechos-pers-discapacidad","status":"publish","type":"page","link":"https:\/\/comitegenero.tecdmx.org.mx\/index.php\/derechos-pers-discapacidad\/","title":{"rendered":"IV. Derechos de las personas con discapacidad."},"content":{"rendered":"\n<ol>\n\t<li class=\"rtejustify\"><strong>Derechos de las personas con discapacidad.<\/strong><\/li>\n<\/ol>\n\n<p class=\"rteright\"><strong>Eje: Derechos de las personas con discapacidad. Actividades a corto plazo.<\/strong><\/p>\n\n<p class=\"rtejustify\"><strong>a)<\/strong><\/p>\n\n<table border=\"1\" cellpadding=\"0\" cellspacing=\"0\" class=\"table\">\n\t<tbody>\n\t\t<tr>\n\t\t\t<td>\n\t\t\t<p class=\"rtejustify\"><strong>Actividad<\/strong><\/p>\n\t\t\t<\/td>\n\t\t\t<td>\n\t\t\t<p class=\"rtejustify\">Curso Inducci\u00f3n al bloque de constitucionalidad y convencionalidad de las personas con discapacidad en el sistema jur\u00eddico de la Ciudad de M\u00e9xico.<\/p>\n\t\t\t<\/td>\n\t\t<\/tr>\n\t\t<tr>\n\t\t\t<td>\n\t\t\t<p class=\"rtejustify\"><strong>\u00c1rea estrat\u00e9gica<\/strong><\/p>\n\t\t\t<\/td>\n\t\t\t<td>\n\t\t\t<p class=\"rtejustify\">Formaci\u00f3n.<\/p>\n\t\t\t<\/td>\n\t\t<\/tr>\n\t\t<tr>\n\t\t\t<td>\n\t\t\t<p class=\"rtejustify\"><strong>Objetivos<\/strong><\/p>\n\t\t\t<\/td>\n\t\t\t<td>\n\t\t\t<p class=\"rtejustify\">Adquirir y actualizar conocimientos te\u00f3ricos y normativos (sentencias, jurisprudencia y doctrina) relativos a los derechos pol\u00edtico electorales de las personas con discapacidad motriz, intelectual o de cualquier otra categor\u00eda.<\/p>\n\t\t\t<\/td>\n\t\t<\/tr>\n\t\t<tr>\n\t\t\t<td>\n\t\t\t<p class=\"rtejustify\"><strong>Destinatarios<\/strong><\/p>\n\t\t\t<\/td>\n\t\t\t<td>\n\t\t\t<p class=\"rtejustify\">Actores pol\u00edticos.<\/p>\n\t\t\t<\/td>\n\t\t<\/tr>\n\t\t<tr>\n\t\t\t<td>\n\t\t\t<p class=\"rtejustify\"><strong>Integrantes vinculados<\/strong><\/p>\n\t\t\t<\/td>\n\t\t\t<td>\n\t\t\t<p class=\"rtejustify\">Consultor\u00edas, Secretar\u00eda General, Secretar\u00eda Administrativa, Instituto de Capacitaci\u00f3n e Investigaci\u00f3n, Coordinaci\u00f3n de Transparencia y Archivo, Unidad de Jurisprudencia y Estad\u00edstica, Unidad de Tecnolog\u00edas de la Informaci\u00f3n, Coordinaci\u00f3n de Comunicaci\u00f3n Social.<\/p>\n\t\t\t<\/td>\n\t\t<\/tr>\n\t\t<tr>\n\t\t\t<td>\n\t\t\t<p class=\"rtejustify\"><strong>Periodo de Ejecuci\u00f3n<\/strong><\/p>\n\t\t\t<\/td>\n\t\t\t<td>\n\t\t\t<p class=\"rtejustify\">Marzo 2017 \u2013 marzo 2018<\/p>\n\t\t\t<\/td>\n\t\t<\/tr>\n\t<\/tbody>\n<\/table>\n\n<p class=\"rtejustify\">&nbsp;<\/p>\n\n<p class=\"rtejustify\"><strong>1.A<\/strong><\/p>\n\n<table border=\"1\" cellpadding=\"0\" cellspacing=\"0\" class=\"table\">\n\t<tbody>\n\t\t<tr>\n\t\t\t<td>\n\t\t\t<p class=\"rtejustify\"><strong>Actividad<\/strong><\/p>\n\t\t\t<\/td>\n\t\t\t<td>\n\t\t\t<p class=\"rtejustify\">Curso dise\u00f1o de acciones afirmativas en favor de las personas con discapacidad, en materia de derechos fundamentales y conexos en la Ciudad de M\u00e9xico.<\/p>\n\t\t\t<\/td>\n\t\t<\/tr>\n\t\t<tr>\n\t\t\t<td>\n\t\t\t<p class=\"rtejustify\"><strong>\u00c1rea estrat\u00e9gica<\/strong><\/p>\n\t\t\t<\/td>\n\t\t\t<td>\n\t\t\t<p class=\"rtejustify\">Formaci\u00f3n y Difusi\u00f3n<\/p>\n\t\t\t<\/td>\n\t\t<\/tr>\n\t\t<tr>\n\t\t\t<td>\n\t\t\t<p class=\"rtejustify\"><strong>Objetivos<\/strong><\/p>\n\t\t\t<\/td>\n\t\t\t<td>\n\t\t\t<p class=\"rtejustify\">Sensibilizar y adquirir conocimientos te\u00f3ricos, normativos y pr\u00e1cticos acerca de la evoluci\u00f3n conceptual y normativa, alcances y dimensi\u00f3n jur\u00eddico pol\u00edtica de las acciones afirmativas, as\u00ed como la comprensi\u00f3n de los mecanismos legislativos, jurisdiccionales y administrativos para dise\u00f1ar e implementar acciones afirmativas en favor de las personas con discapacidad.<\/p>\n\t\t\t<\/td>\n\t\t<\/tr>\n\t\t<tr>\n\t\t\t<td>\n\t\t\t<p class=\"rtejustify\"><strong>Destinatarios <\/strong><\/p>\n\t\t\t<\/td>\n\t\t\t<td>\n\t\t\t<p class=\"rtejustify\">\u00c1rea jurisdiccional del Tribunal.<\/p>\n\t\t\t<\/td>\n\t\t<\/tr>\n\t\t<tr>\n\t\t\t<td>\n\t\t\t<p class=\"rtejustify\"><strong>Integrantes vinculados<\/strong><\/p>\n\t\t\t<\/td>\n\t\t\t<td>\n\t\t\t<p class=\"rtejustify\">Consultor\u00edas, Secretar\u00eda General, Instituto de Capacitaci\u00f3n e Investigaci\u00f3n, Coordinaci\u00f3n de Transparencia y Archivo, Unidad de Jurisprudencia y Estad\u00edstica, Unidad de Tecnolog\u00edas de la Informaci\u00f3n, Coordinaci\u00f3n de Comunicaci\u00f3n Social.<\/p>\n\t\t\t<\/td>\n\t\t<\/tr>\n\t\t<tr>\n\t\t\t<td>\n\t\t\t<p class=\"rtejustify\"><strong>Periodo de Ejecuci\u00f3n<\/strong><\/p>\n\t\t\t<\/td>\n\t\t\t<td>\n\t\t\t<p class=\"rtejustify\">Marzo 2017 \u2013 marzo 2019<\/p>\n\t\t\t<\/td>\n\t\t<\/tr>\n\t<\/tbody>\n<\/table>\n\n<p class=\"rtejustify\">&nbsp;<\/p>\n\n<p class=\"rtejustify\"><strong>1.B<\/strong><\/p>\n\n<table border=\"1\" cellpadding=\"0\" cellspacing=\"0\" class=\"table\">\n\t<tbody>\n\t\t<tr>\n\t\t\t<td>\n\t\t\t<p class=\"rtejustify\"><strong>Actividad<\/strong><\/p>\n\t\t\t<\/td>\n\t\t\t<td>\n\t\t\t<p class=\"rtejustify\">Actividades acad\u00e9micas (conferencias, talleres, seminarios) relativos a los sistemas de protecci\u00f3n de las personas con discapacidad en el sistema jur\u00eddico de la Ciudad de M\u00e9xico.<\/p>\n\t\t\t<\/td>\n\t\t<\/tr>\n\t\t<tr>\n\t\t\t<td>\n\t\t\t<p class=\"rtejustify\"><strong>\u00c1rea estrat\u00e9gica<\/strong><\/p>\n\t\t\t<\/td>\n\t\t\t<td>\n\t\t\t<p class=\"rtejustify\">Formaci\u00f3n.<\/p>\n\t\t\t<\/td>\n\t\t<\/tr>\n\t\t<tr>\n\t\t\t<td>\n\t\t\t<p class=\"rtejustify\"><strong>Objetivos<\/strong><\/p>\n\t\t\t<\/td>\n\t\t\t<td>\n\t\t\t<p class=\"rtejustify\">Actualizaci\u00f3n de conocimientos te\u00f3ricos, normativos y pr\u00e1cticos relativos a los derechos, protecci\u00f3n y atenci\u00f3n de las personas con discapacidad en materia pol\u00edtico electoral en la Ciudad de M\u00e9xico.<\/p>\n\t\t\t<\/td>\n\t\t<\/tr>\n\t\t<tr>\n\t\t\t<td>\n\t\t\t<p class=\"rtejustify\"><strong>Destinatarios<\/strong><\/p>\n\t\t\t<\/td>\n\t\t\t<td>\n\t\t\t<p class=\"rtejustify\">\u00c1rea jurisdiccional y administrativa del Tribunal.<\/p>\n\t\t\t<\/td>\n\t\t<\/tr>\n\t\t<tr>\n\t\t\t<td>\n\t\t\t<p class=\"rtejustify\"><strong>Integrantes vinculados<\/strong><\/p>\n\t\t\t<\/td>\n\t\t\t<td>\n\t\t\t<p class=\"rtejustify\">Consultor\u00edas, Secretar\u00eda General, Secretar\u00eda Administrativa, Instituto de Capacitaci\u00f3n e Investigaci\u00f3n, Coordinaci\u00f3n de Transparencia y Archivo, Unidad de Jurisprudencia y Estad\u00edstica, Unidad de Tecnolog\u00edas de la Informaci\u00f3n, Coordinaci\u00f3n de Comunicaci\u00f3n Social.<\/p>\n\t\t\t<\/td>\n\t\t<\/tr>\n\t\t<tr>\n\t\t\t<td>\n\t\t\t<p class=\"rtejustify\"><strong>Periodo de Ejecuci\u00f3n<\/strong><\/p>\n\t\t\t<\/td>\n\t\t\t<td>\n\t\t\t<p class=\"rtejustify\">Permanente<\/p>\n\t\t\t<\/td>\n\t\t<\/tr>\n\t<\/tbody>\n<\/table>\n\n<p class=\"rtejustify\">&nbsp;<\/p>\n\n<p class=\"rtejustify\"><strong>2.B<\/strong><\/p>\n\n<table border=\"1\" cellpadding=\"0\" cellspacing=\"0\" class=\"table\">\n\t<tbody>\n\t\t<tr>\n\t\t\t<td>\n\t\t\t<p class=\"rtejustify\"><strong>Actividad<\/strong><\/p>\n\t\t\t<\/td>\n\t\t\t<td>\n\t\t\t<p class=\"rtejustify\">Convocatoria para impulsar la producci\u00f3n acad\u00e9mica.<\/p>\n\t\t\t<\/td>\n\t\t<\/tr>\n\t\t<tr>\n\t\t\t<td>\n\t\t\t<p class=\"rtejustify\"><strong>\u00c1rea estrat\u00e9gica<\/strong><\/p>\n\t\t\t<\/td>\n\t\t\t<td>\n\t\t\t<p class=\"rtejustify\">Investigaci\u00f3n.<\/p>\n\t\t\t<\/td>\n\t\t<\/tr>\n\t\t<tr>\n\t\t\t<td>\n\t\t\t<p class=\"rtejustify\"><strong>Objetivos<\/strong><\/p>\n\t\t\t<\/td>\n\t\t\t<td>\n\t\t\t<p class=\"rtejustify\">Lograr la publicaci\u00f3n por cada Ponencia, en la revista Electio, de un art\u00edculo en materia de derechos de las personas con discapacidad, en el sistema jur\u00eddico de la Ciudad de M\u00e9xico.<\/p>\n\t\t\t<\/td>\n\t\t<\/tr>\n\t\t<tr>\n\t\t\t<td>\n\t\t\t<p class=\"rtejustify\"><strong>Destinatarios<\/strong><\/p>\n\t\t\t<\/td>\n\t\t\t<td>\n\t\t\t<p class=\"rtejustify\">\u00c1rea jurisdiccional y administrativa del Tribunal.<\/p>\n\t\t\t<\/td>\n\t\t<\/tr>\n\t\t<tr>\n\t\t\t<td>\n\t\t\t<p class=\"rtejustify\"><strong>Integrantes vinculados<\/strong><\/p>\n\t\t\t<\/td>\n\t\t\t<td>\n\t\t\t<p class=\"rtejustify\">Consultor\u00edas, Secretar\u00eda General, Secretar\u00eda Administrativa, Instituto de Capacitaci\u00f3n e Investigaci\u00f3n, Coordinaci\u00f3n de Transparencia y Archivo, Unidad de Jurisprudencia y Estad\u00edstica, Unidad de Tecnolog\u00edas de la Informaci\u00f3n, Coordinaci\u00f3n de Comunicaci\u00f3n Social.<\/p>\n\t\t\t<\/td>\n\t\t<\/tr>\n\t\t<tr>\n\t\t\t<td>\n\t\t\t<p class=\"rtejustify\"><strong>Periodo de Ejecuci\u00f3n<\/strong><\/p>\n\t\t\t<\/td>\n\t\t\t<td>\n\t\t\t<p class=\"rtejustify\">Permanente<\/p>\n\t\t\t<\/td>\n\t\t<\/tr>\n\t<\/tbody>\n<\/table>\n\n<p class=\"rtejustify\">&nbsp;<\/p>\n\n<p class=\"rtejustify\"><strong>3.B<\/strong><\/p>\n\n<table border=\"1\" cellpadding=\"0\" cellspacing=\"0\" class=\"table\">\n\t<tbody>\n\t\t<tr>\n\t\t\t<td>\n\t\t\t<p class=\"rtejustify\"><strong>Actividad<\/strong><\/p>\n\t\t\t<\/td>\n\t\t\t<td>\n\t\t\t<p class=\"rtejustify\">Celebraci\u00f3n y seguimiento de convenios con instituciones gubernamentales, acad\u00e9micas y sociedad civil locales.<\/p>\n\t\t\t<\/td>\n\t\t<\/tr>\n\t\t<tr>\n\t\t\t<td>\n\t\t\t<p class=\"rtejustify\"><strong>\u00c1rea estrat\u00e9gica<\/strong><\/p>\n\t\t\t<\/td>\n\t\t\t<td>\n\t\t\t<p class=\"rtejustify\">Vinculaci\u00f3n.<\/p>\n\t\t\t<\/td>\n\t\t<\/tr>\n\t\t<tr>\n\t\t\t<td>\n\t\t\t<p class=\"rtejustify\"><strong>Objetivos<\/strong><\/p>\n\t\t\t<\/td>\n\t\t\t<td>\n\t\t\t<p class=\"rtejustify\">Suscribir y dar seguimiento a convenios con diversas instituciones con el fin de estructurar un sistema de colaboraci\u00f3n que se traduzca en un espacio de di\u00e1logo para la adopci\u00f3n de medidas de defensa, enriquecimiento de saberes y evoluci\u00f3n de los derechos de las personas con discapacidad, en el sistema jur\u00eddico de la Ciudad de M\u00e9xico.<\/p>\n\t\t\t<\/td>\n\t\t<\/tr>\n\t\t<tr>\n\t\t\t<td>\n\t\t\t<p class=\"rtejustify\"><strong>Destinatarios <\/strong><\/p>\n\t\t\t<\/td>\n\t\t\t<td>\n\t\t\t<p class=\"rtejustify\">\u00c1rea jurisdiccional y administrativa del Tribunal.<\/p>\n\t\t\t<\/td>\n\t\t<\/tr>\n\t\t<tr>\n\t\t\t<td>\n\t\t\t<p class=\"rtejustify\"><strong>Integrantes vinculados<\/strong><\/p>\n\t\t\t<\/td>\n\t\t\t<td>\n\t\t\t<p class=\"rtejustify\">Consultor\u00edas, Secretar\u00eda General, Secretar\u00eda Administrativa, Instituto de Capacitaci\u00f3n e Investigaci\u00f3n, Coordinaci\u00f3n de Transparencia y Archivo, Unidad de Jurisprudencia y Estad\u00edstica, Unidad de Tecnolog\u00edas de la Informaci\u00f3n, Coordinaci\u00f3n de Comunicaci\u00f3n Social.<\/p>\n\t\t\t<\/td>\n\t\t<\/tr>\n\t\t<tr>\n\t\t\t<td>\n\t\t\t<p class=\"rtejustify\"><strong>Periodo de Ejecuci\u00f3n<\/strong><\/p>\n\t\t\t<\/td>\n\t\t\t<td>\n\t\t\t<p class=\"rtejustify\">Permanente.<\/p>\n\t\t\t<\/td>\n\t\t<\/tr>\n\t<\/tbody>\n<\/table>\n\n<p class=\"rtejustify\">&nbsp;<\/p>\n\n<p class=\"rtejustify\"><strong>4.B<\/strong><\/p>\n\n<table border=\"1\" cellpadding=\"0\" cellspacing=\"0\" class=\"table\">\n\t<tbody>\n\t\t<tr>\n\t\t\t<td>\n\t\t\t<p class=\"rtejustify\"><strong>Actividad<\/strong><\/p>\n\t\t\t<\/td>\n\t\t\t<td>\n\t\t\t<p class=\"rtejustify\">Acercamiento con las personas f\u00edsicas y morales que intervienen en la democracia de esta Ciudad.<\/p>\n\t\t\t<\/td>\n\t\t<\/tr>\n\t\t<tr>\n\t\t\t<td>\n\t\t\t<p class=\"rtejustify\"><strong>\u00c1rea estrat\u00e9gica<\/strong><\/p>\n\t\t\t<\/td>\n\t\t\t<td>\n\t\t\t<p class=\"rtejustify\">Difusi\u00f3n.<\/p>\n\t\t\t<\/td>\n\t\t<\/tr>\n\t\t<tr>\n\t\t\t<td>\n\t\t\t<p class=\"rtejustify\"><strong>Objetivos<\/strong><\/p>\n\t\t\t<\/td>\n\t\t\t<td>\n\t\t\t<p class=\"rtejustify\">Realizar reuniones y elaborar materiales de difusi\u00f3n con fines informativos, enfocados en los diversos grupos sociales que componen la categor\u00eda de &nbsp;personas f\u00edsicas y morales que intervienen en la democracia de esta Ciudad, sobre las acciones y resoluciones del Tribunal en materia de derechos de las personas con discapacidad.<\/p>\n\n\t\t\t<p class=\"rtejustify\">&nbsp;<\/p>\n\n\t\t\t<p class=\"rtejustify\">Difundir por medio electr\u00f3nico y en f\u00edsico el Protocolo de actuaci\u00f3n para quienes imparten justicia en casos que involucren derechos de personas con discapacidad.<\/p>\n\t\t\t<\/td>\n\t\t<\/tr>\n\t\t<tr>\n\t\t\t<td>\n\t\t\t<p class=\"rtejustify\"><strong>Destinatarios<\/strong><\/p>\n\t\t\t<\/td>\n\t\t\t<td>\n\t\t\t<p class=\"rtejustify\">Actores pol\u00edticos.<\/p>\n\t\t\t<\/td>\n\t\t<\/tr>\n\t\t<tr>\n\t\t\t<td>\n\t\t\t<p class=\"rtejustify\"><strong>Integrantes vinculados<\/strong><\/p>\n\t\t\t<\/td>\n\t\t\t<td>\n\t\t\t<p class=\"rtejustify\">Consultor\u00edas, Secretar\u00eda General, Secretar\u00eda Administrativa, Instituto de Capacitaci\u00f3n e Investigaci\u00f3n, Coordinaci\u00f3n de Transparencia y Archivo, Unidad de Jurisprudencia y Estad\u00edstica, Unidad de Tecnolog\u00edas de la Informaci\u00f3n, Coordinaci\u00f3n de Comunicaci\u00f3n Social.<\/p>\n\t\t\t<\/td>\n\t\t<\/tr>\n\t\t<tr>\n\t\t\t<td>\n\t\t\t<p class=\"rtejustify\"><strong>Periodo de Ejecuci\u00f3n<\/strong><\/p>\n\t\t\t<\/td>\n\t\t\t<td>\n\t\t\t<p class=\"rtejustify\">Permanente<\/p>\n\t\t\t<\/td>\n\t\t<\/tr>\n\t<\/tbody>\n<\/table>\n\n","protected":false},"excerpt":{"rendered":"<p>Derechos de las personas con discapacidad. Eje: Derechos de las personas con discapacidad. Actividades a corto plazo. a) Actividad Curso Inducci\u00f3n al bloque de constitucionalidad y convencionalidad de las personas con discapacidad en el sistema jur\u00eddico de la Ciudad de M\u00e9xico. \u00c1rea estrat\u00e9gica Formaci\u00f3n. Objetivos Adquirir y actualizar conocimientos te\u00f3ricos y normativos (sentencias, jurisprudencia y [&hellip;]<\/p>\n","protected":false},"author":3,"featured_media":0,"parent":0,"menu_order":0,"comment_status":"closed","ping_status":"closed","template":"","meta":{"_exactmetrics_skip_tracking":false,"_exactmetrics_sitenote_active":false,"_exactmetrics_sitenote_note":"","_exactmetrics_sitenote_category":0,"footnotes":""},"_links":{"self":[{"href":"https:\/\/comitegenero.tecdmx.org.mx\/index.php\/wp-json\/wp\/v2\/pages\/3241"}],"collection":[{"href":"https:\/\/comitegenero.tecdmx.org.mx\/index.php\/wp-json\/wp\/v2\/pages"}],"about":[{"href":"https:\/\/comitegenero.tecdmx.org.mx\/index.php\/wp-json\/wp\/v2\/types\/page"}],"author":[{"embeddable":true,"href":"https:\/\/comitegenero.tecdmx.org.mx\/index.php\/wp-json\/wp\/v2\/users\/3"}],"replies":[{"embeddable":true,"href":"https:\/\/comitegenero.tecdmx.org.mx\/index.php\/wp-json\/wp\/v2\/comments?post=3241"}],"version-history":[{"count":1,"href":"https:\/\/comitegenero.tecdmx.org.mx\/index.php\/wp-json\/wp\/v2\/pages\/3241\/revisions"}],"predecessor-version":[{"id":3242,"href":"https:\/\/comitegenero.tecdmx.org.mx\/index.php\/wp-json\/wp\/v2\/pages\/3241\/revisions\/3242"}],"wp:attachment":[{"href":"https:\/\/comitegenero.tecdmx.org.mx\/index.php\/wp-json\/wp\/v2\/media?parent=3241"}],"curies":[{"name":"wp","href":"https:\/\/api.w.org\/{rel}","templated":true}]}}