{"id":3234,"date":"2019-02-20T19:54:26","date_gmt":"2019-02-20T19:54:26","guid":{"rendered":"https:\/\/comitegenero.tecdmx.org.mx\/?page_id=3234"},"modified":"2019-02-20T19:54:27","modified_gmt":"2019-02-20T19:54:27","slug":"igualdad-sustan-paridad-genero","status":"publish","type":"page","link":"https:\/\/comitegenero.tecdmx.org.mx\/index.php\/igualdad-sustan-paridad-genero\/","title":{"rendered":"II. Igualdad sustantiva y paridad de g\u00e9nero."},"content":{"rendered":"\n<ol style=\"list-style-type:upper-roman\">\n\t<li class=\"rtejustify\"><strong>Igualdad sustantiva y paridad de g\u00e9nero.<\/strong><\/li>\n<\/ol>\n\n<p class=\"rteright\"><strong>Eje: Igualdad sustantiva y paridad de g\u00e9nero.<\/strong><\/p>\n\n<p class=\"rtejustify\"><strong>a)<\/strong><\/p>\n\n<table border=\"1\" cellpadding=\"0\" cellspacing=\"0\" class=\"table\">\n\t<tbody>\n\t\t<tr>\n\t\t\t<td>\n\t\t\t<p class=\"rtejustify\"><strong>Actividad<\/strong><\/p>\n\t\t\t<\/td>\n\t\t\t<td>\n\t\t\t<p class=\"rtejustify\">Curso Inducci\u00f3n al bloque de constitucionalidad y convencionalidad de los derechos pol\u00edticos de las mujeres en la Ciudad de M\u00e9xico.<\/p>\n\t\t\t<\/td>\n\t\t<\/tr>\n\t\t<tr>\n\t\t\t<td>\n\t\t\t<p class=\"rtejustify\"><strong>\u00c1rea estrat\u00e9gica<\/strong><\/p>\n\t\t\t<\/td>\n\t\t\t<td>\n\t\t\t<p class=\"rtejustify\">Formaci\u00f3n<\/p>\n\t\t\t<\/td>\n\t\t<\/tr>\n\t\t<tr>\n\t\t\t<td>\n\t\t\t<p class=\"rtejustify\"><strong>Objetivos<\/strong><\/p>\n\t\t\t<\/td>\n\t\t\t<td>\n\t\t\t<p class=\"rtejustify\">Adquirir y actualizar conocimientos te\u00f3ricos y normativos (sentencias, jurisprudencias y doctrina) respecto de los derechos pol\u00edticos de las mujeres. Su caracterizaci\u00f3n, alcances, implicaciones jur\u00eddico pol\u00edticas y ejercicio efectivo.<\/p>\n\t\t\t<\/td>\n\t\t<\/tr>\n\t\t<tr>\n\t\t\t<td>\n\t\t\t<p class=\"rtejustify\"><strong>Destinatarios <\/strong><\/p>\n\t\t\t<\/td>\n\t\t\t<td>\n\t\t\t<p class=\"rtejustify\">\u00c1rea jurisdiccional del Tribunal.<\/p>\n\t\t\t<\/td>\n\t\t<\/tr>\n\t\t<tr>\n\t\t\t<td>\n\t\t\t<p class=\"rtejustify\"><strong>Integrantes vinculados<\/strong><\/p>\n\t\t\t<\/td>\n\t\t\t<td>\n\t\t\t<p class=\"rtejustify\">Consultor\u00edas, Secretar\u00eda General, Instituto de Capacitaci\u00f3n e Investigaci\u00f3n, Coordinaci\u00f3n de Transparencia y Archivo, Unidad de Jurisprudencia y Estad\u00edstica, Unidad de Tecnolog\u00edas de la Informaci\u00f3n, Coordinaci\u00f3n de Comunicaci\u00f3n Social.<\/p>\n\t\t\t<\/td>\n\t\t<\/tr>\n\t\t<tr>\n\t\t\t<td>\n\t\t\t<p class=\"rtejustify\"><strong>Periodo de Ejecuci\u00f3n<\/strong><\/p>\n\t\t\t<\/td>\n\t\t\t<td>\n\t\t\t<p class=\"rtejustify\">Marzo 2017 \u2013 marzo 2018<\/p>\n\t\t\t<\/td>\n\t\t<\/tr>\n\t<\/tbody>\n<\/table>\n\n<p class=\"rtejustify\">&nbsp;<\/p>\n\n<p class=\"rtejustify\"><strong>b)<\/strong><\/p>\n\n<table border=\"1\" cellpadding=\"0\" cellspacing=\"0\" class=\"table\">\n\t<tbody>\n\t\t<tr>\n\t\t\t<td>\n\t\t\t<p class=\"rtejustify\"><strong>Actividad<\/strong><\/p>\n\t\t\t<\/td>\n\t\t\t<td>\n\t\t\t<p class=\"rtejustify\">Curso Violencia pol\u00edtica contra las mujeres.<\/p>\n\t\t\t<\/td>\n\t\t<\/tr>\n\t\t<tr>\n\t\t\t<td>\n\t\t\t<p class=\"rtejustify\"><strong>\u00c1rea estrat\u00e9gica<\/strong><\/p>\n\t\t\t<\/td>\n\t\t\t<td>\n\t\t\t<p class=\"rtejustify\">Formaci\u00f3n<\/p>\n\t\t\t<\/td>\n\t\t<\/tr>\n\t\t<tr>\n\t\t\t<td>\n\t\t\t<p class=\"rtejustify\"><strong>Objetivos<\/strong><\/p>\n\t\t\t<\/td>\n\t\t\t<td>\n\t\t\t<p class=\"rtejustify\">Actualizaci\u00f3n de conocimientos te\u00f3ricos, normativos y pr\u00e1cticos en materia de violencia pol\u00edtica contra las mujeres en elecciones. Estudio de casos. Caracterizaci\u00f3n, interseccionalidad de la violencia contra las mujeres, metodolog\u00eda de identificaci\u00f3n, derechos de las v\u00edctimas y reparaci\u00f3n del da\u00f1o.<\/p>\n\t\t\t<\/td>\n\t\t<\/tr>\n\t\t<tr>\n\t\t\t<td>\n\t\t\t<p class=\"rtejustify\"><strong>Destinatarios <\/strong><\/p>\n\t\t\t<\/td>\n\t\t\t<td>\n\t\t\t<p class=\"rtejustify\">\u00c1rea jurisdiccional del Tribunal.<\/p>\n\t\t\t<\/td>\n\t\t<\/tr>\n\t\t<tr>\n\t\t\t<td>\n\t\t\t<p class=\"rtejustify\"><strong>Integrantes vinculados<\/strong><\/p>\n\t\t\t<\/td>\n\t\t\t<td>\n\t\t\t<p class=\"rtejustify\">Consultor\u00edas, Secretar\u00eda General, Instituto de Capacitaci\u00f3n e Investigaci\u00f3n, Coordinaci\u00f3n de Transparencia y Archivo, Unidad de Jurisprudencia y Estad\u00edstica, Unidad de Tecnolog\u00edas de la Informaci\u00f3n, Coordinaci\u00f3n de Comunicaci\u00f3n Social.<\/p>\n\t\t\t<\/td>\n\t\t<\/tr>\n\t\t<tr>\n\t\t\t<td>\n\t\t\t<p class=\"rtejustify\"><strong>Periodo de Ejecuci\u00f3n<\/strong><\/p>\n\t\t\t<\/td>\n\t\t\t<td>\n\t\t\t<p class=\"rtejustify\">Marzo 2017 \u2013 marzo 2018<\/p>\n\t\t\t<\/td>\n\t\t<\/tr>\n\t<\/tbody>\n<\/table>\n\n<p class=\"rtejustify\">&nbsp;<\/p>\n\n<p class=\"rtejustify\"><strong>c)<\/strong><\/p>\n\n<table border=\"1\" cellpadding=\"0\" cellspacing=\"0\" class=\"table\">\n\t<tbody>\n\t\t<tr>\n\t\t\t<td>\n\t\t\t<p class=\"rtejustify\"><strong>Actividad<\/strong><\/p>\n\t\t\t<\/td>\n\t\t\t<td>\n\t\t\t<p class=\"rtejustify\">Curso tutela jurisdiccional efectiva y la violencia pol\u00edtica de g\u00e9nero como causa de nulidad de elecciones en la Ciudad de M\u00e9xico.<\/p>\n\t\t\t<\/td>\n\t\t<\/tr>\n\t\t<tr>\n\t\t\t<td>\n\t\t\t<p class=\"rtejustify\"><strong>\u00c1reas estrat\u00e9gica<\/strong><\/p>\n\t\t\t<\/td>\n\t\t\t<td>\n\t\t\t<p class=\"rtejustify\">Formaci\u00f3n<\/p>\n\t\t\t<\/td>\n\t\t<\/tr>\n\t\t<tr>\n\t\t\t<td>\n\t\t\t<p class=\"rtejustify\"><strong>Objetivos<\/strong><\/p>\n\t\t\t<\/td>\n\t\t\t<td>\n\t\t\t<p class=\"rtejustify\">Adquirir y actualizar conocimientos te\u00f3ricos y normativos acerca de la dimensi\u00f3n, elementos e implicaciones normativas y pr\u00e1cticas, a partir del orden constitucional de la ciudad de M\u00e9xico, del derecho de tutela jurisdiccional efectiva con motivo de violencia pol\u00edtica contras las mujeres, en sus tres momentos: acceso a la justicia, debido proceso y eficacia de las sentencias; as\u00ed como el an\u00e1lisis de la violencia pol\u00edtica contra las mujeres como causa de nulidad de elecciones.<\/p>\n\t\t\t<\/td>\n\t\t<\/tr>\n\t\t<tr>\n\t\t\t<td>\n\t\t\t<p class=\"rtejustify\"><strong>Destinatarios <\/strong><\/p>\n\t\t\t<\/td>\n\t\t\t<td>\n\t\t\t<p class=\"rtejustify\">\u00c1rea jurisdiccional del Tribunal.<\/p>\n\t\t\t<\/td>\n\t\t<\/tr>\n\t\t<tr>\n\t\t\t<td>\n\t\t\t<p class=\"rtejustify\"><strong>Integrantes vinculados<\/strong><\/p>\n\t\t\t<\/td>\n\t\t\t<td>\n\t\t\t<p class=\"rtejustify\">Consultor\u00edas, Secretar\u00eda General, Instituto de Capacitaci\u00f3n e Investigaci\u00f3n, Coordinaci\u00f3n de Transparencia y Archivo, Unidad de Jurisprudencia y Estad\u00edstica, Unidad de Tecnolog\u00edas de la Informaci\u00f3n, Coordinaci\u00f3n de Comunicaci\u00f3n Social.<\/p>\n\t\t\t<\/td>\n\t\t<\/tr>\n\t\t<tr>\n\t\t\t<td>\n\t\t\t<p class=\"rtejustify\"><strong>Periodo de Ejecuci\u00f3n<\/strong><\/p>\n\t\t\t<\/td>\n\t\t\t<td>\n\t\t\t<p class=\"rtejustify\">Marzo 2017 \u2013 marzo 2018<\/p>\n\t\t\t<\/td>\n\t\t<\/tr>\n\t<\/tbody>\n<\/table>\n\n<p class=\"rtejustify\">&nbsp;<\/p>\n\n<p class=\"rtejustify\"><strong>d)<\/strong><\/p>\n\n<table border=\"1\" cellpadding=\"0\" cellspacing=\"0\" class=\"table\">\n\t<tbody>\n\t\t<tr>\n\t\t\t<td>\n\t\t\t<p class=\"rtejustify\"><strong>Actividad<\/strong><\/p>\n\t\t\t<\/td>\n\t\t\t<td>\n\t\t\t<p class=\"rtejustify\">Curso Juzgar con perspectiva de g\u00e9nero<\/p>\n\t\t\t<\/td>\n\t\t<\/tr>\n\t\t<tr>\n\t\t\t<td>\n\t\t\t<p class=\"rtejustify\"><strong>\u00c1rea estrat\u00e9gica<\/strong><\/p>\n\t\t\t<\/td>\n\t\t\t<td>\n\t\t\t<p class=\"rtejustify\">Formaci\u00f3n<\/p>\n\t\t\t<\/td>\n\t\t<\/tr>\n\t\t<tr>\n\t\t\t<td>\n\t\t\t<p class=\"rtejustify\"><strong>Objetivos<\/strong><\/p>\n\t\t\t<\/td>\n\t\t\t<td>\n\t\t\t<p class=\"rtejustify\">Actualizar conocimientos te\u00f3ricos, normativos y pr\u00e1cticos acerca de la metodolog\u00eda para juzgar con perspectiva de g\u00e9nero en caso de violencia pol\u00edtica contra las mujeres en la Ciudad de M\u00e9xico, as\u00ed como de las medidas previstas en el orden constitucional y convencional para la atenci\u00f3n de la v\u00edctima, el debido proceso, reparaci\u00f3n del da\u00f1o y prevenci\u00f3n.<\/p>\n\t\t\t<\/td>\n\t\t<\/tr>\n\t\t<tr>\n\t\t\t<td style=\"height:17px\">\n\t\t\t<p class=\"rtejustify\"><strong>Destinatarios <\/strong><\/p>\n\t\t\t<\/td>\n\t\t\t<td style=\"height:17px\">\n\t\t\t<p class=\"rtejustify\">\u00c1rea jurisdiccional del Tribunal.<\/p>\n\t\t\t<\/td>\n\t\t<\/tr>\n\t\t<tr>\n\t\t\t<td>\n\t\t\t<p class=\"rtejustify\"><strong>Integrantes vinculados<\/strong><\/p>\n\t\t\t<\/td>\n\t\t\t<td>\n\t\t\t<p class=\"rtejustify\">Consultor\u00edas, Secretar\u00eda General, Instituto de Capacitaci\u00f3n e Investigaci\u00f3n, Coordinaci\u00f3n de Transparencia y Archivo, Unidad de Jurisprudencia y Estad\u00edstica, Unidad de Tecnolog\u00edas de la Informaci\u00f3n, Coordinaci\u00f3n de Comunicaci\u00f3n Social.<\/p>\n\t\t\t<\/td>\n\t\t<\/tr>\n\t\t<tr>\n\t\t\t<td>\n\t\t\t<p class=\"rtejustify\"><strong>Periodo de Ejecuci\u00f3n<\/strong><\/p>\n\t\t\t<\/td>\n\t\t\t<td>\n\t\t\t<p class=\"rtejustify\">Marzo 2017 \u2013 marzo 2018<\/p>\n\t\t\t<\/td>\n\t\t<\/tr>\n\t<\/tbody>\n<\/table>\n\n<p class=\"rtejustify\">&nbsp;<\/p>\n\n<p class=\"rtejustify\"><strong>e)<\/strong><\/p>\n\n<table border=\"1\" cellpadding=\"0\" cellspacing=\"0\" class=\"table\">\n\t<tbody>\n\t\t<tr>\n\t\t\t<td>\n\t\t\t<p class=\"rtejustify\"><strong>Actividad<\/strong><\/p>\n\t\t\t<\/td>\n\t\t\t<td>\n\t\t\t<p class=\"rtejustify\">Curso Acoso y hostigamiento laboral<\/p>\n\t\t\t<\/td>\n\t\t<\/tr>\n\t\t<tr>\n\t\t\t<td>\n\t\t\t<p class=\"rtejustify\"><strong>\u00c1rea estrat\u00e9gica<\/strong><\/p>\n\t\t\t<\/td>\n\t\t\t<td>\n\t\t\t<p class=\"rtejustify\">Formaci\u00f3n<\/p>\n\t\t\t<\/td>\n\t\t<\/tr>\n\t\t<tr>\n\t\t\t<td>\n\t\t\t<p class=\"rtejustify\"><strong>Objetivos<\/strong><\/p>\n\t\t\t<\/td>\n\t\t\t<td>\n\t\t\t<p class=\"rtejustify\">Adquirir conocimientos te\u00f3ricos, normativos y pr\u00e1cticos para identificar, atender y erradicar el acoso y hostigamiento laboral.<\/p>\n\t\t\t<\/td>\n\t\t<\/tr>\n\t\t<tr>\n\t\t\t<td>\n\t\t\t<p class=\"rtejustify\"><strong>Destinatarios<\/strong><\/p>\n\t\t\t<\/td>\n\t\t\t<td>\n\t\t\t<p class=\"rtejustify\">\u00c1rea jurisdiccional y administrativa del Tribunal.<\/p>\n\t\t\t<\/td>\n\t\t<\/tr>\n\t\t<tr>\n\t\t\t<td>\n\t\t\t<p class=\"rtejustify\"><strong>Integrantes vinculados<\/strong><\/p>\n\t\t\t<\/td>\n\t\t\t<td>\n\t\t\t<p class=\"rtejustify\">Consultor\u00edas, Secretar\u00eda General, Secretar\u00eda Administrativa, Instituto de Capacitaci\u00f3n e Investigaci\u00f3n, Coordinaci\u00f3n de Transparencia y Archivo, Unidad de Jurisprudencia y Estad\u00edstica, Unidad de Tecnolog\u00edas de la Informaci\u00f3n, Coordinaci\u00f3n de Comunicaci\u00f3n Social.<\/p>\n\t\t\t<\/td>\n\t\t<\/tr>\n\t\t<tr>\n\t\t\t<td>\n\t\t\t<p class=\"rtejustify\"><strong>Periodo de Ejecuci\u00f3n<\/strong><\/p>\n\t\t\t<\/td>\n\t\t\t<td>\n\t\t\t<p class=\"rtejustify\">Marzo 2017 \u2013 marzo 2018<\/p>\n\t\t\t<\/td>\n\t\t<\/tr>\n\t<\/tbody>\n<\/table>\n\n<p class=\"rtejustify\">&nbsp;<\/p>\n\n<p class=\"rtejustify\"><strong>1.A<\/strong><\/p>\n\n<table border=\"1\" cellpadding=\"0\" cellspacing=\"0\" class=\"table\">\n\t<tbody>\n\t\t<tr>\n\t\t\t<td>\n\t\t\t<p class=\"rtejustify\"><strong>Actividad<\/strong><\/p>\n\t\t\t<\/td>\n\t\t\t<td>\n\t\t\t<p class=\"rtejustify\">Curso dise\u00f1o de acciones afirmativas en favor de las mujeres, en materia de derechos pol\u00edtico electorales en la Ciudad de M\u00e9xico.<\/p>\n\t\t\t<\/td>\n\t\t<\/tr>\n\t\t<tr>\n\t\t\t<td>\n\t\t\t<p class=\"rtejustify\"><strong>\u00c1rea estrat\u00e9gica<\/strong><\/p>\n\t\t\t<\/td>\n\t\t\t<td>\n\t\t\t<p class=\"rtejustify\">Formaci\u00f3n y Difusi\u00f3n<\/p>\n\t\t\t<\/td>\n\t\t<\/tr>\n\t\t<tr>\n\t\t\t<td>\n\t\t\t<p class=\"rtejustify\"><strong>Objetivos<\/strong><\/p>\n\t\t\t<\/td>\n\t\t\t<td>\n\t\t\t<p class=\"rtejustify\">Adquirir conocimientos te\u00f3ricos, normativos y pr\u00e1cticos acerca del concepto, alcances y dimensi\u00f3n jur\u00eddico pol\u00edtica de las acciones afirmativas, la igualdad sustantiva, la paridad y la equidad de g\u00e9nero; as\u00ed como la comprensi\u00f3n de los mecanismos legislativos, jurisdiccionales y administrativos para dise\u00f1ar e implementar acciones afirmativas en favor de las mujeres.<\/p>\n\t\t\t<\/td>\n\t\t<\/tr>\n\t\t<tr>\n\t\t\t<td>\n\t\t\t<p class=\"rtejustify\"><strong>Destinatarios <\/strong><\/p>\n\t\t\t<\/td>\n\t\t\t<td>\n\t\t\t<p class=\"rtejustify\">\u00c1rea jurisdiccional del Tribunal.<\/p>\n\t\t\t<\/td>\n\t\t<\/tr>\n\t\t<tr>\n\t\t\t<td>\n\t\t\t<p class=\"rtejustify\"><strong>Integrantes vinculados<\/strong><\/p>\n\t\t\t<\/td>\n\t\t\t<td>\n\t\t\t<p class=\"rtejustify\">Consultor\u00edas, Secretar\u00eda General, Instituto de Capacitaci\u00f3n e Investigaci\u00f3n, Coordinaci\u00f3n de Transparencia y Archivo, Unidad de Jurisprudencia y Estad\u00edstica, Unidad de Tecnolog\u00edas de la Informaci\u00f3n, Coordinaci\u00f3n de Comunicaci\u00f3n Social.<\/p>\n\t\t\t<\/td>\n\t\t<\/tr>\n\t\t<tr>\n\t\t\t<td>\n\t\t\t<p class=\"rtejustify\"><strong>Periodo de Ejecuci\u00f3n<\/strong><\/p>\n\t\t\t<\/td>\n\t\t\t<td>\n\t\t\t<p class=\"rtejustify\">Marzo 2017 \u2013 marzo 2019<\/p>\n\t\t\t<\/td>\n\t\t<\/tr>\n\t<\/tbody>\n<\/table>\n\n<p class=\"rtejustify\">&nbsp;<\/p>\n\n<p class=\"rtejustify\"><strong>1.B<\/strong><\/p>\n\n<table border=\"1\" cellpadding=\"0\" cellspacing=\"0\" class=\"table\">\n\t<tbody>\n\t\t<tr>\n\t\t\t<td>\n\t\t\t<p class=\"rtejustify\"><strong>Actividad<\/strong><\/p>\n\t\t\t<\/td>\n\t\t\t<td>\n\t\t\t<p class=\"rtejustify\">Actividades acad\u00e9micas (conferencias, talleres, seminarios) relativos a la violencia pol\u00edtica contra las mujeres en el sistema jur\u00eddico de la Ciudad de M\u00e9xico.<\/p>\n\t\t\t<\/td>\n\t\t<\/tr>\n\t\t<tr>\n\t\t\t<td>\n\t\t\t<p class=\"rtejustify\"><strong>\u00c1rea estrat\u00e9gica<\/strong><\/p>\n\t\t\t<\/td>\n\t\t\t<td>\n\t\t\t<p class=\"rtejustify\">Formaci\u00f3n.<\/p>\n\t\t\t<\/td>\n\t\t<\/tr>\n\t\t<tr>\n\t\t\t<td>\n\t\t\t<p class=\"rtejustify\"><strong>Objetivos<\/strong><\/p>\n\t\t\t<\/td>\n\t\t\t<td>\n\t\t\t<p class=\"rtejustify\">Actualizaci\u00f3n de conocimientos te\u00f3ricos y pr\u00e1cticos relativos a la violencia pol\u00edtica contra las mujeres<\/p>\n\t\t\t<\/td>\n\t\t<\/tr>\n\t\t<tr>\n\t\t\t<td>\n\t\t\t<p class=\"rtejustify\"><strong>Destinatarios<\/strong><\/p>\n\t\t\t<\/td>\n\t\t\t<td>\n\t\t\t<p class=\"rtejustify\">\u00c1rea jurisdiccional y administrativa del Tribunal.<\/p>\n\t\t\t<\/td>\n\t\t<\/tr>\n\t\t<tr>\n\t\t\t<td>\n\t\t\t<p class=\"rtejustify\"><strong>Integrantes vinculados<\/strong><\/p>\n\t\t\t<\/td>\n\t\t\t<td>\n\t\t\t<p class=\"rtejustify\">Consultor\u00edas, Secretar\u00eda General, Secretar\u00eda Administrativa, Instituto de Capacitaci\u00f3n e Investigaci\u00f3n, Coordinaci\u00f3n de Transparencia y Archivo, Unidad de Jurisprudencia y Estad\u00edstica, Unidad de Tecnolog\u00edas de la Informaci\u00f3n, Coordinaci\u00f3n de Comunicaci\u00f3n Social.<\/p>\n\t\t\t<\/td>\n\t\t<\/tr>\n\t\t<tr>\n\t\t\t<td>\n\t\t\t<p class=\"rtejustify\"><strong>Periodo de Ejecuci\u00f3n<\/strong><\/p>\n\t\t\t<\/td>\n\t\t\t<td>\n\t\t\t<p class=\"rtejustify\">Permanente<\/p>\n\t\t\t<\/td>\n\t\t<\/tr>\n\t<\/tbody>\n<\/table>\n\n<p class=\"rtejustify\">&nbsp;<\/p>\n\n<p class=\"rtejustify\"><strong>2.B<\/strong><\/p>\n\n<table border=\"1\" cellpadding=\"0\" cellspacing=\"0\" class=\"table\">\n\t<tbody>\n\t\t<tr>\n\t\t\t<td>\n\t\t\t<p class=\"rtejustify\"><strong>Actividad<\/strong><\/p>\n\t\t\t<\/td>\n\t\t\t<td>\n\t\t\t<p class=\"rtejustify\">Convocatoria para impulsar la producci\u00f3n acad\u00e9mica.<\/p>\n\t\t\t<\/td>\n\t\t<\/tr>\n\t\t<tr>\n\t\t\t<td>\n\t\t\t<p class=\"rtejustify\"><strong>\u00c1rea estrat\u00e9gica<\/strong><\/p>\n\t\t\t<\/td>\n\t\t\t<td>\n\t\t\t<p class=\"rtejustify\">Investigaci\u00f3n.<\/p>\n\t\t\t<\/td>\n\t\t<\/tr>\n\t\t<tr>\n\t\t\t<td>\n\t\t\t<p class=\"rtejustify\"><strong>Objetivos<\/strong><\/p>\n\t\t\t<\/td>\n\t\t\t<td>\n\t\t\t<p class=\"rtejustify\">Lograr la publicaci\u00f3n por cada Ponencia, en la revista Electio, de un art\u00edculo en materia de violencia pol\u00edtica contra las mujeres, la violencia pol\u00edtica de g\u00e9nero como causal de nulidad, paridad y acciones afirmativas en su favor, en el sistema jur\u00eddico de la Ciudad de M\u00e9xico..<\/p>\n\t\t\t<\/td>\n\t\t<\/tr>\n\t\t<tr>\n\t\t\t<td>\n\t\t\t<p class=\"rtejustify\"><strong>Destinatarios<\/strong><\/p>\n\t\t\t<\/td>\n\t\t\t<td>\n\t\t\t<p class=\"rtejustify\">\u00c1rea jurisdiccional y administrativa del Tribunal.<\/p>\n\t\t\t<\/td>\n\t\t<\/tr>\n\t\t<tr>\n\t\t\t<td>\n\t\t\t<p class=\"rtejustify\"><strong>Integrantes vinculados<\/strong><\/p>\n\t\t\t<\/td>\n\t\t\t<td>\n\t\t\t<p class=\"rtejustify\">Consultor\u00edas, Secretar\u00eda General, Secretar\u00eda Administrativa, Instituto de Capacitaci\u00f3n e Investigaci\u00f3n, Coordinaci\u00f3n de Transparencia y Archivo, Unidad de Jurisprudencia y Estad\u00edstica, Unidad de Tecnolog\u00edas de la Informaci\u00f3n, Coordinaci\u00f3n de Comunicaci\u00f3n Social.<\/p>\n\t\t\t<\/td>\n\t\t<\/tr>\n\t\t<tr>\n\t\t\t<td>\n\t\t\t<p class=\"rtejustify\"><strong>Periodo de Ejecuci\u00f3n<\/strong><\/p>\n\t\t\t<\/td>\n\t\t\t<td>\n\t\t\t<p class=\"rtejustify\">Permanente<\/p>\n\t\t\t<\/td>\n\t\t<\/tr>\n\t<\/tbody>\n<\/table>\n\n<p class=\"rtejustify\">&nbsp;<\/p>\n\n<p class=\"rtejustify\"><strong>3.B<\/strong><\/p>\n\n<table border=\"1\" cellpadding=\"0\" cellspacing=\"0\" class=\"table\">\n\t<tbody>\n\t\t<tr>\n\t\t\t<td>\n\t\t\t<p class=\"rtejustify\"><strong>Actividad<\/strong><\/p>\n\t\t\t<\/td>\n\t\t\t<td>\n\t\t\t<p class=\"rtejustify\">Celebraci\u00f3n y seguimiento de convenios con instituciones gubernamentales, acad\u00e9micas y sociedad civil locales.<\/p>\n\t\t\t<\/td>\n\t\t<\/tr>\n\t\t<tr>\n\t\t\t<td>\n\t\t\t<p class=\"rtejustify\"><strong>\u00c1rea estrat\u00e9gica<\/strong><\/p>\n\t\t\t<\/td>\n\t\t\t<td>\n\t\t\t<p class=\"rtejustify\">Vinculaci\u00f3n.<\/p>\n\t\t\t<\/td>\n\t\t<\/tr>\n\t\t<tr>\n\t\t\t<td>\n\t\t\t<p class=\"rtejustify\"><strong>Objetivos<\/strong><\/p>\n\t\t\t<\/td>\n\t\t\t<td>\n\t\t\t<p class=\"rtejustify\">Suscribir y dar seguimiento a convenios con diversas instituciones con el fin de estructurar un sistema de colaboraci\u00f3n que se traduzca en un espacio de di\u00e1logo para la adopci\u00f3n de medidas de defensa, enriquecimiento de saberes y formas de erradicaci\u00f3n de la violencia pol\u00edtica contra las mujeres, en el sistema jur\u00eddico de la Ciudad de M\u00e9xico.<\/p>\n\t\t\t<\/td>\n\t\t<\/tr>\n\t\t<tr>\n\t\t\t<td>\n\t\t\t<p class=\"rtejustify\"><strong>Destinatarios <\/strong><\/p>\n\t\t\t<\/td>\n\t\t\t<td>\n\t\t\t<p class=\"rtejustify\">\u00c1rea jurisdiccional y administrativa del Tribunal.<\/p>\n\t\t\t<\/td>\n\t\t<\/tr>\n\t\t<tr>\n\t\t\t<td>\n\t\t\t<p class=\"rtejustify\"><strong>Integrantes vinculados<\/strong><\/p>\n\t\t\t<\/td>\n\t\t\t<td>\n\t\t\t<p class=\"rtejustify\">Consultor\u00edas, Secretar\u00eda General, Secretar\u00eda Administrativa, Instituto de Capacitaci\u00f3n e Investigaci\u00f3n, Coordinaci\u00f3n de Transparencia y Archivo, Unidad de Jurisprudencia y Estad\u00edstica, Unidad de Tecnolog\u00edas de la Informaci\u00f3n, Coordinaci\u00f3n de Comunicaci\u00f3n Social.<\/p>\n\t\t\t<\/td>\n\t\t<\/tr>\n\t\t<tr>\n\t\t\t<td>\n\t\t\t<p class=\"rtejustify\"><strong>Periodo de Ejecuci\u00f3n<\/strong><\/p>\n\t\t\t<\/td>\n\t\t\t<td>\n\t\t\t<p class=\"rtejustify\">Permanente.<\/p>\n\t\t\t<\/td>\n\t\t<\/tr>\n\t<\/tbody>\n<\/table>\n\n<p class=\"rtejustify\">&nbsp;<\/p>\n\n<p class=\"rtejustify\"><strong>4.B<\/strong><\/p>\n\n<table border=\"1\" cellpadding=\"0\" cellspacing=\"0\" class=\"table\">\n\t<tbody>\n\t\t<tr>\n\t\t\t<td>\n\t\t\t<p class=\"rtejustify\"><strong>Actividad<\/strong><\/p>\n\t\t\t<\/td>\n\t\t\t<td>\n\t\t\t<p class=\"rtejustify\">Acercamiento con las personas f\u00edsicas y morales que intervienen en la democracia de esta Ciudad.<\/p>\n\t\t\t<\/td>\n\t\t<\/tr>\n\t\t<tr>\n\t\t\t<td>\n\t\t\t<p class=\"rtejustify\"><strong>\u00c1rea estrat\u00e9gica<\/strong><\/p>\n\t\t\t<\/td>\n\t\t\t<td>\n\t\t\t<p class=\"rtejustify\">Difusi\u00f3n.<\/p>\n\t\t\t<\/td>\n\t\t<\/tr>\n\t\t<tr>\n\t\t\t<td>\n\t\t\t<p class=\"rtejustify\"><strong>Objetivos<\/strong><\/p>\n\t\t\t<\/td>\n\t\t\t<td>\n\t\t\t<p class=\"rtejustify\">Realizar reuniones y elaborar materiales de difusi\u00f3n con fines informativos, enfocados en los diversos grupos sociales que componen la categor\u00eda de las personas f\u00edsicas y morales que intervienen en la democracia de esta Ciudad, sobre las acciones y resoluciones del Tribunal en materia de violencia pol\u00edtica contra las mujeres en el sistema jur\u00eddico de la Ciudad de M\u00e9xico.<\/p>\n\n\t\t\t<p class=\"rtejustify\">Difundir en forma electr\u00f3nica y en f\u00edsico los Protocolos para Juzgar con Perspectiva de G\u00e9nero y para atender la violencia pol\u00edtica contra las mujeres.<\/p>\n\t\t\t<\/td>\n\t\t<\/tr>\n\t\t<tr>\n\t\t\t<td>\n\t\t\t<p class=\"rtejustify\"><strong>Destinatarios<\/strong><\/p>\n\t\t\t<\/td>\n\t\t\t<td>\n\t\t\t<p class=\"rtejustify\">Personas f\u00edsicas y morales que intervienen en la democracia de esta Ciudad<\/p>\n\t\t\t<\/td>\n\t\t<\/tr>\n\t\t<tr>\n\t\t\t<td>\n\t\t\t<p class=\"rtejustify\"><strong>Integrantes vinculados<\/strong><\/p>\n\t\t\t<\/td>\n\t\t\t<td>\n\t\t\t<p class=\"rtejustify\">Consultor\u00edas, Secretar\u00eda General, Secretar\u00eda Administrativa, Instituto de Capacitaci\u00f3n e Investigaci\u00f3n, Coordinaci\u00f3n de Transparencia y Archivo, Unidad de Jurisprudencia y Estad\u00edstica, Unidad de Tecnolog\u00edas de la Informaci\u00f3n, Coordinaci\u00f3n de Comunicaci\u00f3n Social.<\/p>\n\t\t\t<\/td>\n\t\t<\/tr>\n\t\t<tr>\n\t\t\t<td>\n\t\t\t<p class=\"rtejustify\"><strong>Periodo de Ejecuci\u00f3n<\/strong><\/p>\n\t\t\t<\/td>\n\t\t\t<td>\n\t\t\t<p class=\"rtejustify\">Permanente<\/p>\n\t\t\t<\/td>\n\t\t<\/tr>\n\t<\/tbody>\n<\/table>\n\n","protected":false},"excerpt":{"rendered":"<p>Igualdad sustantiva y paridad de g\u00e9nero. Eje: Igualdad sustantiva y paridad de g\u00e9nero. a) Actividad Curso Inducci\u00f3n al bloque de constitucionalidad y convencionalidad de los derechos pol\u00edticos de las mujeres en la Ciudad de M\u00e9xico. \u00c1rea estrat\u00e9gica Formaci\u00f3n Objetivos Adquirir y actualizar conocimientos te\u00f3ricos y normativos (sentencias, jurisprudencias y doctrina) respecto de los derechos pol\u00edticos [&hellip;]<\/p>\n","protected":false},"author":3,"featured_media":0,"parent":0,"menu_order":0,"comment_status":"closed","ping_status":"closed","template":"","meta":{"_exactmetrics_skip_tracking":false,"_exactmetrics_sitenote_active":false,"_exactmetrics_sitenote_note":"","_exactmetrics_sitenote_category":0,"footnotes":""},"_links":{"self":[{"href":"https:\/\/comitegenero.tecdmx.org.mx\/index.php\/wp-json\/wp\/v2\/pages\/3234"}],"collection":[{"href":"https:\/\/comitegenero.tecdmx.org.mx\/index.php\/wp-json\/wp\/v2\/pages"}],"about":[{"href":"https:\/\/comitegenero.tecdmx.org.mx\/index.php\/wp-json\/wp\/v2\/types\/page"}],"author":[{"embeddable":true,"href":"https:\/\/comitegenero.tecdmx.org.mx\/index.php\/wp-json\/wp\/v2\/users\/3"}],"replies":[{"embeddable":true,"href":"https:\/\/comitegenero.tecdmx.org.mx\/index.php\/wp-json\/wp\/v2\/comments?post=3234"}],"version-history":[{"count":1,"href":"https:\/\/comitegenero.tecdmx.org.mx\/index.php\/wp-json\/wp\/v2\/pages\/3234\/revisions"}],"predecessor-version":[{"id":3235,"href":"https:\/\/comitegenero.tecdmx.org.mx\/index.php\/wp-json\/wp\/v2\/pages\/3234\/revisions\/3235"}],"wp:attachment":[{"href":"https:\/\/comitegenero.tecdmx.org.mx\/index.php\/wp-json\/wp\/v2\/media?parent=3234"}],"curies":[{"name":"wp","href":"https:\/\/api.w.org\/{rel}","templated":true}]}}